{"id":242931,"date":"2025-09-02T12:12:21","date_gmt":"2025-09-02T10:12:21","guid":{"rendered":"https:\/\/brghamerling.at\/?page_id=242931"},"modified":"2025-10-06T11:00:19","modified_gmt":"2025-10-06T09:00:19","slug":"ipad-geraeteinitiative","status":"publish","type":"page","link":"https:\/\/brghamerling.at\/?page_id=242931","title":{"rendered":"iPad &#8211; Ger\u00e4teinitiative"},"content":{"rendered":"<p>[et_pb_section fb_built=&#8220;1&#8243; admin_label=&#8220;Header&#8220; _builder_version=&#8220;4.16&#8243; use_background_color_gradient=&#8220;on&#8220; background_color_gradient_direction=&#8220;105deg&#8220; background_color_gradient_stops=&#8220;#eef8fe 0%|#efefef 100%&#8220; background_color_gradient_start=&#8220;#eef8fe&#8220; background_color_gradient_end=&#8220;#efefef&#8220; background_image=&#8220;https:\/\/brghamerling.at\/wp-content\/uploads\/2021\/07\/head-downloads.jpg&#8220; custom_margin=&#8220;|||&#8220; custom_padding=&#8220;120px|0px|120px|0px||&#8220; locked=&#8220;off&#8220; global_colors_info=&#8220;{}&#8220;][et_pb_row _builder_version=&#8220;4.16&#8243; global_colors_info=&#8220;{}&#8220;][et_pb_column type=&#8220;4_4&#8243; _builder_version=&#8220;4.16&#8243; custom_padding=&#8220;|||&#8220; global_colors_info=&#8220;{}&#8220; custom_padding__hover=&#8220;|||&#8220;][et_pb_text disabled_on=&#8220;on|on|on&#8220; _builder_version=&#8220;4.16&#8243; text_font=&#8220;Poppins||||||||&#8220; text_text_color=&#8220;rgba(255,255,255,0.8)&#8220; text_font_size=&#8220;18px&#8220; text_line_height=&#8220;1.8em&#8220; header_font=&#8220;Poppins|600|||||||&#8220; header_text_color=&#8220;#ffffff&#8220; header_font_size=&#8220;48px&#8220; header_line_height=&#8220;1.4em&#8220; header_3_font=&#8220;Poppins|600|||||||&#8220; header_3_font_size=&#8220;36px&#8220; header_3_line_height=&#8220;1.4em&#8220; background_layout=&#8220;dark&#8220; max_width=&#8220;600px&#8220; module_alignment=&#8220;left&#8220; custom_margin=&#8220;|||&#8220; custom_padding=&#8220;||0px|||&#8220; disabled=&#8220;on&#8220; global_colors_info=&#8220;{}&#8220;]<\/p>\n<h1>iPad<\/h1>\n<p>[\/et_pb_text][\/et_pb_column][\/et_pb_row][\/et_pb_section][et_pb_section fb_built=&#8220;1&#8243; admin_label=&#8220;Kontakt&#8220; _builder_version=&#8220;4.16&#8243; background_color=&#8220;gcid-dd4717c7-ba97-42a2-b764-dc54d8530d84&#8243; min_height=&#8220;20px&#8220; max_height=&#8220;20px&#8220; custom_padding=&#8220;30px|0px|0px|0px||&#8220; global_colors_info=&#8220;{%22gcid-50c54f50-2d2a-4bbd-bde4-e45f40ea57f4%22:%91%22colorStart%22%93,%22gcid-538d9bf5-0d53-4187-911b-57a8d9e16acb%22:%91%93,%22gcid-38337a81-d11d-447b-b730-348d69a55118%22:%91%93,%22gcid-dd4717c7-ba97-42a2-b764-dc54d8530d84%22:%91%22background_color%22%93}&#8220;][\/et_pb_section][et_pb_section fb_built=&#8220;1&#8243; admin_label=&#8220;Become a Member Section&#8220; _builder_version=&#8220;4.16&#8243; background_color=&#8220;#fafbfc&#8220; use_background_color_gradient=&#8220;on&#8220; background_color_gradient_type=&#8220;circular&#8220; background_color_gradient_direction_radial=&#8220;top left&#8220; background_color_gradient_stops=&#8220;#6aaf2e 0%|#ffffff 0%&#8220; background_color_gradient_start=&#8220;#6aaf2e&#8220; background_color_gradient_end=&#8220;#ffffff&#8220; background_color_gradient_end_position=&#8220;0%&#8220; custom_padding=&#8220;30px|0px|30px|0px||&#8220; global_colors_info=&#8220;{%22gcid-538d9bf5-0d53-4187-911b-57a8d9e16acb%22:%91%22colorStart%22%93}&#8220;][et_pb_row column_structure=&#8220;3_5,2_5&#8243; _builder_version=&#8220;4.16&#8243; custom_padding=&#8220;|||&#8220; locked=&#8220;off&#8220; global_colors_info=&#8220;{}&#8220;][et_pb_column type=&#8220;3_5&#8243; _builder_version=&#8220;4.16&#8243; custom_padding=&#8220;|||&#8220; global_colors_info=&#8220;{}&#8220; custom_padding__hover=&#8220;|||&#8220;][et_pb_text _builder_version=&#8220;4.27.4&#8243; text_font=&#8220;||||||||&#8220; header_font=&#8220;||||||||&#8220; header_2_font=&#8220;Poppins|500||on|||||&#8220; header_2_text_color=&#8220;rgba(0,0,0,0.2)&#8220; header_2_font_size=&#8220;16px&#8220; header_2_letter_spacing=&#8220;1px&#8220; header_2_line_height=&#8220;1.3em&#8220; custom_margin=&#8220;||20px|&#8220; saved_tabs=&#8220;all&#8220; locked=&#8220;off&#8220; global_colors_info=&#8220;{}&#8220;]<\/p>\n<h2>Unsere Schule &gt; iPad Ger\u00e4teinitiative<\/h2>\n<p>[\/et_pb_text][et_pb_text _builder_version=&#8220;4.27.4&#8243; _module_preset=&#8220;_initial&#8220; text_font=&#8220;||||||||&#8220; text_text_color=&#8220;gcid-dd4717c7-ba97-42a2-b764-dc54d8530d84&#8243; header_font=&#8220;||||||||&#8220; header_3_font=&#8220;Poppins|600||on|||||&#8220; header_3_text_color=&#8220;gcid-dd4717c7-ba97-42a2-b764-dc54d8530d84&#8243; header_3_font_size=&#8220;36px&#8220; header_3_line_height=&#8220;1.4em&#8220; global_colors_info=&#8220;{%22gcid-538d9bf5-0d53-4187-911b-57a8d9e16acb%22:%91%93,%22gcid-dd4717c7-ba97-42a2-b764-dc54d8530d84%22:%91%22text_text_color%22,%22header_3_text_color%22%93}&#8220;]<\/p>\n<h3>iPad Ger\u00e4teinitiative<\/h3>\n<p>[\/et_pb_text][et_pb_text _builder_version=&#8220;4.27.4&#8243; text_font=&#8220;Open Sans||||||||&#8220; text_text_color=&#8220;#486066&#8243; text_font_size=&#8220;15px&#8220; text_line_height=&#8220;1.8em&#8220; header_font=&#8220;||||||||&#8220; global_colors_info=&#8220;{}&#8220;]<\/p>\n<p><strong>Liebe Eltern<\/strong>,<br \/>im Rahmen der digitalen Ger\u00e4teinitiative des Bundesministeriums f\u00fcr Bildung (BMB) setzen wir an unserer Schule auf den Einsatz von iPads mit Tastatur und Stifteingabe. Diese modernen Lernwerkzeuge werden allen Sch\u00fclerinnen und Sch\u00fclern der Unterstufe zur Verf\u00fcgung gestellt \u2013 gegen einen Selbstkostenbeitrag.<\/p>\n<p>Damit Sie als Eltern umfassend informiert sind, stellen wir Ihnen auf dieser Seite eine Sammlung wichtiger Links bereit. Dort finden Sie unter anderem Informationen zu:<\/p>\n<ul>\n<li><a href=\"https:\/\/digitaleslernen.oead.at\/de\/fuer-eltern\/so-bekommt-ihr-kind-ein-geraet\/geraeteinformationen-fuer-eltern\" target=\"_blank\" rel=\"noopener\">Digitales Lernen OEAD (Allgemein)<\/a><\/li>\n<li><a href=\"https:\/\/www.justedu.at\/account\/devices\/\" target=\"_blank\" rel=\"noopener\">Reparaturen &amp; Schadensf\u00e4lle<\/a><\/li>\n<li><a href=\"https:\/\/www.justedu.at\/shop\/?yith_wcan=1&amp;filter_hersteller=justedu\" target=\"_blank\" rel=\"noopener\">Nachbestellung von Zubeh\u00f6r und Ersatzteilen<\/a><\/li>\n<li><a href=\"https:\/\/digitaleslernen.oead.at\/de\/fuer-eltern\/unterstuetzung-tipps-von-saferinternet\" target=\"_blank\" rel=\"noopener\">Saferinternet &#8211; Tipps &amp; Unterst\u00fctzung<\/a><\/li>\n<\/ul>\n<p>Unser Ziel ist es, gemeinsam mit Ihnen eine moderne und unterst\u00fctzende Lernumgebung zu schaffen, in der digitale Bildung selbstverst\u00e4ndlich wird.<\/p>\n<p>[\/et_pb_text][\/et_pb_column][et_pb_column type=&#8220;2_5&#8243; _builder_version=&#8220;4.16&#8243; custom_padding=&#8220;|||&#8220; global_colors_info=&#8220;{}&#8220; custom_padding__hover=&#8220;|||&#8220;][et_pb_text _builder_version=&#8220;4.27.4&#8243; _module_preset=&#8220;default&#8220; hover_enabled=&#8220;0&#8243; global_colors_info=&#8220;{}&#8220; sticky_enabled=&#8220;0&#8243;]<\/p>\n<p><strong><a href=\"https:\/\/digitaleslernen.oead.at\/de\/fuer-schulen\/die-geraete\/geraetemodelle#accordion-70171-item-3\" target=\"_blank\" rel=\"noopener\">Ger\u00e4te Typ Schuljahr 2025\/26<\/a><\/strong><\/p>\n<ul class=\"list-normal\">\n<li><strong>Lieferant<\/strong>: ACP<span>\u00a0<\/span><span lang=\"en\" dir=\"ltr\">Techrent<\/span><span>\u00a0<\/span>GmbH\n<ul class=\"list-normal\">\n<li><strong>Serviceportal<\/strong>:\u00a0<a href=\"https:\/\/www.justedu.at\/\" target=\"_blank\" title=\"Link zum Serviceportal von Justedu\" rel=\"noopener noreferrer\"><strong>www.justedu.at<\/strong><\/a><\/li>\n<li><strong>Garantiedauer<\/strong>: 4 Jahre (ab Erstauslieferung an die Schule)<\/li>\n<\/ul>\n<\/li>\n<\/ul>\n<ul class=\"list-normal\">\n<li><strong>Ger\u00e4t<\/strong>:<strong>\u00a0<\/strong>iPad A16 128GB Wi-Fi\n<ul class=\"list-normal\">\n<li>Abmessungen: 248,6 x 7,0 x 179,5 mm<\/li>\n<li>Displaygr\u00f6\u00dfe: 11,0 Zoll<\/li>\n<li>Bildschirmaufl\u00f6sung: 2360 x 1640 Pixel<\/li>\n<li><span lang=\"EN-US\" dir=\"ltr\">CPU-Modell: Apple A16 Bionic, 64-bit<\/span><\/li>\n<li>Betriebssystem:<span>\u00a0<\/span><span lang=\"en\" dir=\"ltr\">iPadOS<\/span><span>\u00a0<\/span>18<\/li>\n<li>Arbeitsspeichertyp: 6 GB Arbeitsspeicher<\/li>\n<li>Speicherkapazit\u00e4t: 128 GB interner Speicher<\/li>\n<li>Anschl\u00fcsse: USB-C, WLAN, Bluetooth<\/li>\n<li>Gesamtgewicht (ohne Zubeh\u00f6r): 477g<\/li>\n<\/ul>\n<\/li>\n<\/ul>\n<ul class=\"list-normal\">\n<li><strong>Lieferumfang<\/strong>:\n<ul class=\"list-normal\">\n<li>Tablet inkl. USB-C Ladekabel 1m<\/li>\n<li>Tastatur mit USB-C Ladeanschluss und Schutzh\u00fcllenfunktion, Eingabestift mit USB-C Ladeanschluss<\/li>\n<li>Netzteil USB-C 20W<\/li>\n<\/ul>\n<\/li>\n<\/ul>\n<ul class=\"list-normal\">\n<li><strong>Kosten des Ger\u00e4tes:<span>\u00a0<\/span><\/strong>381,73 Euro\n<ul class=\"list-normal\">\n<li>Privater Eigenanteil gem\u00e4\u00df \u00a7 5 Abs 2 SchulDigiG im Ausma\u00df von 25% der Ger\u00e4tekosten: 95,43 Euro<\/li>\n<\/ul>\n<\/li>\n<\/ul>\n<p>[\/et_pb_text][\/et_pb_column][\/et_pb_row][\/et_pb_section][et_pb_section fb_built=&#8220;1&#8243; admin_label=&#8220;Kontakt&#8220; _builder_version=&#8220;4.16&#8243; background_color=&#8220;gcid-08492866-8e06-4bb0-9d42-81b936eebfb0&#8243; use_background_color_gradient=&#8220;on&#8220; background_color_gradient_stops=&#8220;#f6e8cf 0%|#ffffff 100%&#8220; background_color_gradient_start=&#8220;#f6e8cf&#8220; background_color_gradient_end=&#8220;#ffffff&#8220; custom_padding=&#8220;30px|0px|30px|0px||&#8220; global_colors_info=&#8220;{%22gcid-50c54f50-2d2a-4bbd-bde4-e45f40ea57f4%22:%91%93,%22gcid-538d9bf5-0d53-4187-911b-57a8d9e16acb%22:%91%93,%22gcid-38337a81-d11d-447b-b730-348d69a55118%22:%91%22colorStart%22%93,%22gcid-e51528a4-3544-453b-bb14-4632918b6981%22:%91%93,%22gcid-08492866-8e06-4bb0-9d42-81b936eebfb0%22:%91%22background_color%22%93}&#8220;][et_pb_row use_custom_gutter=&#8220;on&#8220; gutter_width=&#8220;2&#8243; custom_padding_last_edited=&#8220;on|desktop&#8220; _builder_version=&#8220;4.16&#8243; custom_padding=&#8220;|||&#8220; custom_padding_tablet=&#8220;0px||0px|&#8220; custom_padding_phone=&#8220;&#8220; locked=&#8220;off&#8220; global_colors_info=&#8220;{}&#8220;][et_pb_column type=&#8220;4_4&#8243; _builder_version=&#8220;4.16&#8243; custom_padding=&#8220;|||&#8220; global_colors_info=&#8220;{}&#8220; custom_padding__hover=&#8220;|||&#8220;][et_pb_text _builder_version=&#8220;4.16&#8243; _module_preset=&#8220;default&#8220; text_font=&#8220;||||||||&#8220; header_font=&#8220;|||on|||||&#8220; header_text_align=&#8220;center&#8220; header_3_font=&#8220;|600||on|||||&#8220; header_3_text_align=&#8220;left&#8220; header_3_text_color=&#8220;gcid-538d9bf5-0d53-4187-911b-57a8d9e16acb&#8220; header_3_font_size=&#8220;36px&#8220; header_3_line_height=&#8220;1.4em&#8220; text_orientation=&#8220;center&#8220; global_colors_info=&#8220;{%22gcid-dd4717c7-ba97-42a2-b764-dc54d8530d84%22:%91%22header_3_text_color%22%93,%22gcid-538d9bf5-0d53-4187-911b-57a8d9e16acb%22:%91%22header_3_text_color%22%93}&#8220;]<\/p>\n<h3><span style=\"color: #e09900;\">Kontakt<\/span><\/h3>\n<p>[\/et_pb_text][et_pb_text _builder_version=&#8220;4.16&#8243; _module_preset=&#8220;default&#8220; header_3_font=&#8220;|700||on|||||&#8220; header_3_text_color=&#8220;gcid-dd4717c7-ba97-42a2-b764-dc54d8530d84&#8243; header_4_font=&#8220;|700||on|||||&#8220; header_4_text_color=&#8220;#777777&#8243; header_4_font_size=&#8220;22px&#8220; custom_padding=&#8220;|0px||||&#8220; locked=&#8220;off&#8220; global_colors_info=&#8220;{%22gcid-5045b5df-4d48-4421-92ad-92d11b2e5ca9%22:%91%22header_3_text_color%22%93,%22gcid-08492866-8e06-4bb0-9d42-81b936eebfb0%22:%91%93,%22gcid-e51528a4-3544-453b-bb14-4632918b6981%22:%91%93,%22gcid-dd4717c7-ba97-42a2-b764-dc54d8530d84%22:%91%22header_3_text_color%22,%22header_3_text_color%22%93}&#8220;]<\/p>\n<h4>IT Manager<\/h4>\n<p>[\/et_pb_text][et_pb_team_member name=&#8220;Mag. Bernhard Biermayr&#8220; position=&#8220;IT Manager&#8220; image_url=&#8220;https:\/\/brghamerling.at\/wp-content\/uploads\/2021\/12\/09-Biermayr-Bernhard.jpg&#8220; icon_color=&#8220;#44d89e&#8220; _builder_version=&#8220;4.19.0&#8243; header_font=&#8220;Poppins|500|||||||&#8220; header_text_color=&#8220;#486066&#8243; header_font_size=&#8220;18px&#8220; body_font=&#8220;Open Sans||||||||&#8220; body_line_height=&#8220;1.8em&#8220; background_color=&#8220;#ffffff&#8220; text_orientation=&#8220;left&#8220; module_alignment=&#8220;left&#8220; min_height=&#8220;213px&#8220; custom_margin=&#8220;|0px||||&#8220; custom_padding=&#8220;30px|30px|30px|30px&#8220; animation_style=&#8220;fade&#8220; box_shadow_style=&#8220;preset1&#8243; box_shadow_vertical=&#8220;10px&#8220; box_shadow_blur=&#8220;24px&#8220; box_shadow_spread=&#8220;6px&#8220; box_shadow_color=&#8220;rgba(0,0,0,0.06)&#8220; icon_hover_color=&#8220;#353740&#8243; global_colors_info=&#8220;{}&#8220; icon_color__hover=&#8220;#353740&#8243; icon_color__hover_enabled=&#8220;on&#8220;]<\/p>\n<p><span><\/span><a href=\"mailto:bernhard.biermayr@brghamerling.at\">bernhard.biermayr@brghamerling.at<\/a><\/p>\n<p>&nbsp;<\/p>\n<p>[\/et_pb_team_member][\/et_pb_column][\/et_pb_row][\/et_pb_section]<\/p>\n","protected":false},"excerpt":{"rendered":"<p>iPadUnsere Schule &gt; iPad Ger\u00e4teinitiativeiPad Ger\u00e4teinitiativeLiebe Eltern,im Rahmen der digitalen Ger\u00e4teinitiative des Bundesministeriums f\u00fcr Bildung (BMB) setzen wir an unserer Schule auf den Einsatz von iPads mit Tastatur und Stifteingabe. Diese modernen Lernwerkzeuge werden allen Sch\u00fclerinnen und Sch\u00fclern der Unterstufe zur Verf\u00fcgung gestellt \u2013 gegen einen Selbstkostenbeitrag. Damit Sie als Eltern umfassend informiert sind, stellen [&hellip;]<\/p>\n","protected":false},"author":1,"featured_media":0,"parent":0,"menu_order":0,"comment_status":"closed","ping_status":"closed","template":"","meta":{"_et_pb_use_builder":"on","_et_pb_old_content":"","_et_gb_content_width":"","footnotes":""},"class_list":["post-242931","page","type-page","status-publish","hentry"],"_links":{"self":[{"href":"https:\/\/brghamerling.at\/index.php?rest_route=\/wp\/v2\/pages\/242931","targetHints":{"allow":["GET"]}}],"collection":[{"href":"https:\/\/brghamerling.at\/index.php?rest_route=\/wp\/v2\/pages"}],"about":[{"href":"https:\/\/brghamerling.at\/index.php?rest_route=\/wp\/v2\/types\/page"}],"author":[{"embeddable":true,"href":"https:\/\/brghamerling.at\/index.php?rest_route=\/wp\/v2\/users\/1"}],"replies":[{"embeddable":true,"href":"https:\/\/brghamerling.at\/index.php?rest_route=%2Fwp%2Fv2%2Fcomments&post=242931"}],"version-history":[{"count":4,"href":"https:\/\/brghamerling.at\/index.php?rest_route=\/wp\/v2\/pages\/242931\/revisions"}],"predecessor-version":[{"id":243010,"href":"https:\/\/brghamerling.at\/index.php?rest_route=\/wp\/v2\/pages\/242931\/revisions\/243010"}],"wp:attachment":[{"href":"https:\/\/brghamerling.at\/index.php?rest_route=%2Fwp%2Fv2%2Fmedia&parent=242931"}],"curies":[{"name":"wp","href":"https:\/\/api.w.org\/{rel}","templated":true}]}}